{"id":104445,"date":"2025-03-17T13:02:43","date_gmt":"2025-03-17T12:02:43","guid":{"rendered":"https:\/\/konstelacije.hr\/?page_id=104445"},"modified":"2025-03-19T09:44:09","modified_gmt":"2025-03-19T08:44:09","slug":"u-medijima","status":"publish","type":"page","link":"https:\/\/konstelacije.hr\/en\/u-medijima\/","title":{"rendered":"U medijima"},"content":{"rendered":"<div class=\"wpb-content-wrapper\"><section data-vc-full-width=\"true\" data-vc-full-width-init=\"false\" data-vc-stretch-content=\"true\" class=\"vc_row wpb_row vc_row-fluid  vc_custom_1742213550720   hongo-stretch-content vc_row-no-padding hongo-stretch-content-fluid vc_row-o-equal-height vc_row-o-content-middle vc_row-flex\"><div class=\"wpb_column vc_column_container vc_col-has-fill vc_col-sm-12 vc_col-md-6 vc_col-xs-12 text-center\"><div class=\"vc_column-inner vc_custom_1742214404698  hongo_responsive_1742214404699\"><div class=\"wpb_wrapper\"><div class=\"alt-font heading-style-5 vc_custom_1742296881279  hongo_responsive_1742296881281 heading-1 hongo-section-heading hongo_font_1742296881279\"><a class=\"heading-title-link hongo_font_1742296881279\"  href=\"https:\/\/www.zagreb.info\/magazin\/ivanina-prica-pored-mene-sjede-i-bolesno-dijete-i-zlostavljac-i-otac-koji-je-izgubio-djecu\/716504\/\"><span class=\"hongo_font_1742296881279\">www.zagreb.info<\/span><\/a><\/div><div class=\"alt-font heading-style-3 vc_custom_1742366826499  hongo_responsive_1742366826501 heading-2 hongo-section-heading hongo_font_1742366826498\"><a class=\"heading-title-link hongo_font_1742366826498\"  href=\"https:\/\/www.zagreb.info\/magazin\/ivanina-prica-pored-mene-sjede-i-bolesno-dijete-i-zlostavljac-i-otac-koji-je-izgubio-djecu\/716504\/\">Ivanina pri\u010da: \u201cPored mene sjede i prognana majka, i bolesno dijete, i zlostavlja\u010d, i otac koji je izgubio djecu\u201d<\/a><\/div><div class=\"text-block-content hongo-text-block-1 last-paragraph-no-margin\"><p><span style=\"font-weight: 400;\">Kad razgovarate s<\/span><a href=\"https:\/\/konstelacije.hr\/en\/ivana-oreski\/\"><span style=\"font-weight: 400;\"> Ivanom Ore\u0161ki<\/span><\/a><span style=\"font-weight: 400;\">, osje\u0107ate se istinski saslu\u0161ano. Njena toplina i empatija stvaraju prostor u kojem se lako otvoriti. Kao jedna od najiskusnijih konstelatorica u regiji, ve\u0107 godinama poma\u017ee ljudima kroz grupne i individualne terapije.<\/span><\/p>\n<\/div><a href=\"https:\/\/konstelacije.hr\/en\/2025\/03\/19\/ivanina-prica-pored-mene-sjede-i-bolesno-dijete-i-zlostavljac-i-otac-koji-je-izgubio-djecu-clanak-sa-zagreb-info\/\"  class=\"hongo-button-1 vc_custom_1742366848668  hongo_responsive_1742366848672 btn btn-white btn-round alt-font btn-small\">PRO\u010cITAJTE VI\u0160E - PRETIPKAN \u010cLANAK BEZ REKLAMA<\/a><\/div><\/div><\/div><div class=\"wpb_column vc_column_container vc_col-has-fill vc_col-sm-12 vc_col-md-6 vc_col-xs-12\"><div class=\"vc_column-inner cover-background vc_custom_1742209709236  hongo_responsive_1742209709237\"><div class=\"wpb_wrapper\"><\/div><\/div><\/div><\/section><div class=\"vc_row-full-width vc_clearfix\"><\/div><section data-vc-full-width=\"true\" data-vc-full-width-init=\"false\" data-vc-stretch-content=\"true\" class=\"vc_row wpb_row vc_row-fluid  vc_custom_1742235253307   hongo-stretch-content vc_row-no-padding hongo-stretch-content-fluid vc_row-o-equal-height vc_row-o-content-middle vc_row-flex\"><div class=\"wpb_column vc_column_container vc_col-has-fill col-xs-mobile-fullwidth vc_col-sm-6 vc_col-lg-3\"><div class=\"vc_column-inner vc_custom_1742210753127  hongo_responsive_1742210753129\"><div class=\"wpb_wrapper\"><div class=\"alt-font heading-style-5 vc_custom_1742213882451 heading-3 hongo-section-heading hongo_font_1742213882451\"><a class=\"heading-title-link hongo_font_1742213882451\"  href=\"https:\/\/www.anandahr.com\/post\/intervju-ivana-ore%C5%A1ki-i-sistemske-konstelacije\"><span class=\"hongo_font_1742213882451\">www.anandahr.com<\/span><\/a><\/div><div class=\"alt-font heading-style-3 vc_custom_1742210666776 heading-4 hongo-section-heading hongo_font_1742210666776\">Intervju: Ivana Ore\u0161ki i sistemske konstelacije<\/div><div class=\"text-block-content hongo-text-block-2 last-paragraph-no-margin\"><div data-breakout=\"normal\">\n<p id=\"viewer-6bcag1082\" class=\"_9Y3C- AEhjf dQ3-m _5aRph\" dir=\"auto\"><span class=\"eEPyq dQ3-m\">Nijedno obja\u0161njenje ne mo\u017ee do\u010darati ljepotu i veli\u010danstvenost metode sistemskih konstelacija, koja je zami\u0161ljena da pripada svim ljudima jednako. \u010citati o konstelacijama, i do\u017eivjeti konstelaciju, su dvije totalno druga\u010dije stvari.<\/span><\/p>\n<\/div>\n<\/div><a href=\"https:\/\/www.anandahr.com\/post\/intervju-ivana-ore%C5%A1ki-i-sistemske-konstelacije\"  class=\"hongo-button-2 vc_custom_1742210727196 btn btn-transparent-base alt-font btn-small\">READ MORE<\/a><\/div><\/div><\/div><div class=\"wpb_column vc_column_container vc_col-has-fill col-xs-mobile-fullwidth vc_col-sm-6 vc_col-lg-3\"><div class=\"vc_column-inner cover-background vc_custom_1742213986613  hongo_responsive_1742213986614\"><div class=\"wpb_wrapper\"><\/div><\/div><\/div><div class=\"wpb_column vc_column_container vc_col-has-fill col-xs-mobile-fullwidth vc_col-sm-6 vc_col-lg-3\"><div class=\"vc_column-inner vc_custom_1742235280573  hongo_responsive_1742235280575\"><div class=\"wpb_wrapper\"><div class=\"alt-font heading-style-5 vc_custom_1742213862286 heading-5 hongo-section-heading hongo_font_1742213862285\"><a class=\"heading-title-link hongo_font_1742213862285\"  href=\"https:\/\/www.womeninadria.com\/ivana-oreski-iz-rijeke-kao-sistemski-konstelator-uzivam-pomagajuci-zenama\/\"><span class=\"hongo_font_1742213862285\">www.womeninadria.com<\/span><\/a><\/div><div class=\"alt-font heading-style-3 vc_custom_1742210616875 heading-6 hongo-section-heading hongo_font_1742210616875\"><a class=\"heading-title-link hongo_font_1742210616875\"  href=\"https:\/\/www.womeninadria.com\/ivana-oreski-iz-rijeke-kao-sistemski-konstelator-uzivam-pomagajuci-zenama\/\">Ivana Ore\u0161ki: U Hrvatsku dovodim \u017eenu \u010diji su seminari u svijetu uvijek rasprodani<\/a><\/div><div class=\"text-block-content hongo-text-block-3 last-paragraph-no-margin\"><p class=\"has-drop-cap\">Kad razgovarate s\u00a0<a href=\"https:\/\/konstelacije.hr\/en\/ivana-oreski\/\">Ivanom Ore\u0161ki<\/a>, osje\u0107ate se saslu\u0161ano i shva\u0107eno. Kao jedna od najeduciranijih konstelatorica u regiji, godinama poma\u017ee ljudima kroz grupne i individualne terapije.<\/p>\n<\/div><a href=\"https:\/\/www.womeninadria.com\/ivana-oreski-iz-rijeke-kao-sistemski-konstelator-uzivam-pomagajuci-zenama\/\"  class=\"hongo-button-3 vc_custom_1742235233774 btn btn-transparent-base alt-font btn-small\">READ MORE<\/a><\/div><\/div><\/div><div class=\"wpb_column vc_column_container vc_col-has-fill col-xs-mobile-fullwidth vc_col-sm-6 vc_col-lg-3\"><div class=\"vc_column-inner cover-background vc_custom_1742210525620  hongo_responsive_1742210525622\"><div class=\"wpb_wrapper\"><\/div><\/div><\/div><\/section><div class=\"vc_row-full-width vc_clearfix\"><\/div>\n<\/div>","protected":false},"excerpt":{"rendered":"<a href=\"http:\/\/www.zagreb.infoIvanina\" rel=\"nofollow\">http:\/\/www.zagreb.infoIvanina<\/a> pri\u010da: \u201cPored mene sjede i prognana majka, i bolesno dijete, i zlostavlja\u010d, i otac koji je izgubio djecu\u201dKad razgovarate s Ivanom Ore\u0161ki, osje\u0107ate se istinski saslu\u0161ano. Njena toplina i empatija stvaraju prostor u kojem se lako otvoriti. Kao jedna od najiskusnijih konstelatorica u regiji, ve\u0107 godinama poma\u017ee ljudima kroz grupne i individualne terapije. PRO\u010cITAJTE VI\u0160E - PRETIPKAN \u010cLANAK BEZ REKLAMAwww.anandahr.comIntervju: Ivana Ore\u0161ki i sistemske konstelacije Nijedno obja\u0161njenje ne mo\u017ee do\u010darati ljepotu i veli\u010danstvenost metode sistemskih konstelacija, koja je zami\u0161ljena da pripada svim ljudima jednako. \u010citati o konstelacijama, i do\u017eivjeti konstelaciju, su dvije totalno druga\u010dije stvari. PRO\u010cITAJTE VI\u0160Ewww.womeninadria.comIvana Ore\u0161ki: U Hrvatsku dovodim \u017eenu \u010diji su seminari u svijetu uvijek rasprodaniKad razgovarate s\u00a0Ivanom Ore\u0161ki, osje\u0107ate se saslu\u0161ano i shva\u0107eno. Kao jedna od najeduciranijih konstelatorica u regiji, godinama poma\u017ee ljudima kroz grupne i individualne terapije. PRO\u010cITAJTE VI\u0160E","protected":false},"author":244724598,"featured_media":0,"parent":0,"menu_order":0,"comment_status":"closed","ping_status":"closed","template":"","meta":{"_crdt_document":"","_EventAllDay":false,"_EventTimezone":"","_EventStartDate":"","_EventEndDate":"","_EventStartDateUTC":"","_EventEndDateUTC":"","_EventShowMap":false,"_EventShowMapLink":false,"_EventURL":"","_EventCost":"","_EventCostDescription":"","_EventCurrencySymbol":"","_EventCurrencyCode":"","_EventCurrencyPosition":"","_EventDateTimeSeparator":"","_EventTimeRangeSeparator":"","_EventOrganizerID":[],"_EventVenueID":[],"_OrganizerEmail":"","_OrganizerPhone":"","_OrganizerWebsite":"","_VenueAddress":"","_VenueCity":"","_VenueCountry":"","_VenueProvince":"","_VenueState":"","_VenueZip":"","_VenuePhone":"","_VenueURL":"","_VenueStateProvince":"","_VenueLat":"","_VenueLng":"","_VenueShowMap":false,"_VenueShowMapLink":false,"footnotes":""},"class_list":["post-104445","page","type-page","status-publish","hentry"],"yoast_head":"<!-- This site is optimized with the Yoast SEO Premium plugin v25.0 (Yoast SEO v27.4) - https:\/\/yoast.com\/product\/yoast-seo-premium-wordpress\/ -->\n<title>U medijima - konstelacije.hr<\/title>\n<meta name=\"robots\" content=\"index, follow, max-snippet:-1, max-image-preview:large, max-video-preview:-1\" \/>\n<link rel=\"canonical\" href=\"https:\/\/konstelacije.hr\/en\/u-medijima\/\" \/>\n<meta property=\"og:locale\" content=\"en_US\" \/>\n<meta property=\"og:type\" content=\"article\" \/>\n<meta property=\"og:title\" content=\"U medijima\" \/>\n<meta property=\"og:url\" content=\"https:\/\/konstelacije.hr\/en\/u-medijima\/\" \/>\n<meta property=\"og:site_name\" content=\"konstelacije.hr\" \/>\n<meta property=\"article:publisher\" content=\"https:\/\/www.facebook.com\/ivanaoreskikonstelator\" \/>\n<meta property=\"article:modified_time\" content=\"2025-03-19T08:44:09+00:00\" \/>\n<meta property=\"og:image\" content=\"https:\/\/i0.wp.com\/konstelacije.hr\/wp-content\/uploads\/2024\/01\/pNpgSmAq_jKMr_1024.webp?fit=1024%2C585&ssl=1\" \/>\n\t<meta property=\"og:image:width\" content=\"1024\" \/>\n\t<meta property=\"og:image:height\" content=\"585\" \/>\n\t<meta property=\"og:image:type\" content=\"image\/webp\" \/>\n<meta name=\"twitter:card\" content=\"summary_large_image\" \/>\n<meta name=\"twitter:label1\" content=\"Est. reading time\" \/>\n\t<meta name=\"twitter:data1\" content=\"2 minutes\" \/>\n<script type=\"application\/ld+json\" class=\"yoast-schema-graph\">{\"@context\":\"https:\\\/\\\/schema.org\",\"@graph\":[{\"@type\":\"WebPage\",\"@id\":\"https:\\\/\\\/konstelacije.hr\\\/u-medijima\\\/\",\"url\":\"https:\\\/\\\/konstelacije.hr\\\/u-medijima\\\/\",\"name\":\"U medijima - konstelacije.hr\",\"isPartOf\":{\"@id\":\"https:\\\/\\\/konstelacije.hr\\\/#website\"},\"datePublished\":\"2025-03-17T12:02:43+00:00\",\"dateModified\":\"2025-03-19T08:44:09+00:00\",\"breadcrumb\":{\"@id\":\"https:\\\/\\\/konstelacije.hr\\\/u-medijima\\\/#breadcrumb\"},\"inLanguage\":\"en-US\",\"potentialAction\":[{\"@type\":\"ReadAction\",\"target\":[\"https:\\\/\\\/konstelacije.hr\\\/u-medijima\\\/\"]}]},{\"@type\":\"BreadcrumbList\",\"@id\":\"https:\\\/\\\/konstelacije.hr\\\/u-medijima\\\/#breadcrumb\",\"itemListElement\":[{\"@type\":\"ListItem\",\"position\":1,\"name\":\"Po\u010detna stranica\",\"item\":\"https:\\\/\\\/konstelacije.hr\\\/\"},{\"@type\":\"ListItem\",\"position\":2,\"name\":\"U medijima\"}]},{\"@type\":\"WebSite\",\"@id\":\"https:\\\/\\\/konstelacije.hr\\\/#website\",\"url\":\"https:\\\/\\\/konstelacije.hr\\\/\",\"name\":\"konstelacije.hr\",\"description\":\"Znanost sistemskih konstelacija prema Bertu Hellingeru.\",\"publisher\":{\"@id\":\"https:\\\/\\\/konstelacije.hr\\\/#organization\"},\"alternateName\":\"www.konstelacije.hr\",\"potentialAction\":[{\"@type\":\"SearchAction\",\"target\":{\"@type\":\"EntryPoint\",\"urlTemplate\":\"https:\\\/\\\/konstelacije.hr\\\/?s={search_term_string}\"},\"query-input\":{\"@type\":\"PropertyValueSpecification\",\"valueRequired\":true,\"valueName\":\"search_term_string\"}}],\"inLanguage\":\"en-US\"},{\"@type\":\"Organization\",\"@id\":\"https:\\\/\\\/konstelacije.hr\\\/#organization\",\"name\":\"Znanost sistemskog rada, vl. Ivana Ore\u0161ki\",\"alternateName\":\"Znanost sistemskog rada\",\"url\":\"https:\\\/\\\/konstelacije.hr\\\/\",\"logo\":{\"@type\":\"ImageObject\",\"inLanguage\":\"en-US\",\"@id\":\"https:\\\/\\\/konstelacije.hr\\\/#\\\/schema\\\/logo\\\/image\\\/\",\"url\":\"https:\\\/\\\/konstelacije.hr\\\/wp-content\\\/uploads\\\/2024\\\/01\\\/konstelacije.hr-1.png\",\"contentUrl\":\"https:\\\/\\\/konstelacije.hr\\\/wp-content\\\/uploads\\\/2024\\\/01\\\/konstelacije.hr-1.png\",\"width\":120,\"height\":40,\"caption\":\"Znanost sistemskog rada, vl. Ivana Ore\u0161ki\"},\"image\":{\"@id\":\"https:\\\/\\\/konstelacije.hr\\\/#\\\/schema\\\/logo\\\/image\\\/\"},\"sameAs\":[\"https:\\\/\\\/www.facebook.com\\\/ivanaoreskikonstelator\"]}]}<\/script>\n<!-- \/ Yoast SEO Premium plugin. -->","yoast_head_json":{"title":"U medijima - konstelacije.hr","robots":{"index":"index","follow":"follow","max-snippet":"max-snippet:-1","max-image-preview":"max-image-preview:large","max-video-preview":"max-video-preview:-1"},"canonical":"https:\/\/konstelacije.hr\/en\/u-medijima\/","og_locale":"en_US","og_type":"article","og_title":"U medijima","og_url":"https:\/\/konstelacije.hr\/en\/u-medijima\/","og_site_name":"konstelacije.hr","article_publisher":"https:\/\/www.facebook.com\/ivanaoreskikonstelator","article_modified_time":"2025-03-19T08:44:09+00:00","og_image":[{"width":1024,"height":585,"url":"https:\/\/i0.wp.com\/konstelacije.hr\/wp-content\/uploads\/2024\/01\/pNpgSmAq_jKMr_1024.webp?fit=1024%2C585&ssl=1","type":"image\/webp"}],"twitter_card":"summary_large_image","twitter_misc":{"Est. reading time":"2 minutes"},"schema":{"@context":"https:\/\/schema.org","@graph":[{"@type":"WebPage","@id":"https:\/\/konstelacije.hr\/u-medijima\/","url":"https:\/\/konstelacije.hr\/u-medijima\/","name":"U medijima - konstelacije.hr","isPartOf":{"@id":"https:\/\/konstelacije.hr\/#website"},"datePublished":"2025-03-17T12:02:43+00:00","dateModified":"2025-03-19T08:44:09+00:00","breadcrumb":{"@id":"https:\/\/konstelacije.hr\/u-medijima\/#breadcrumb"},"inLanguage":"en-US","potentialAction":[{"@type":"ReadAction","target":["https:\/\/konstelacije.hr\/u-medijima\/"]}]},{"@type":"BreadcrumbList","@id":"https:\/\/konstelacije.hr\/u-medijima\/#breadcrumb","itemListElement":[{"@type":"ListItem","position":1,"name":"Po\u010detna stranica","item":"https:\/\/konstelacije.hr\/"},{"@type":"ListItem","position":2,"name":"U medijima"}]},{"@type":"WebSite","@id":"https:\/\/konstelacije.hr\/#website","url":"https:\/\/konstelacije.hr\/","name":"konstelacije.hr","description":"Znanost sistemskih konstelacija prema Bertu Hellingeru.","publisher":{"@id":"https:\/\/konstelacije.hr\/#organization"},"alternateName":"www.konstelacije.hr","potentialAction":[{"@type":"SearchAction","target":{"@type":"EntryPoint","urlTemplate":"https:\/\/konstelacije.hr\/?s={search_term_string}"},"query-input":{"@type":"PropertyValueSpecification","valueRequired":true,"valueName":"search_term_string"}}],"inLanguage":"en-US"},{"@type":"Organization","@id":"https:\/\/konstelacije.hr\/#organization","name":"Stellar.icu","alternateName":"Znanost sistemskog rada","url":"https:\/\/konstelacije.hr\/","logo":{"@type":"ImageObject","inLanguage":"en-US","@id":"https:\/\/konstelacije.hr\/#\/schema\/logo\/image\/","url":"https:\/\/konstelacije.hr\/wp-content\/uploads\/2024\/01\/konstelacije.hr-1.png","contentUrl":"https:\/\/konstelacije.hr\/wp-content\/uploads\/2024\/01\/konstelacije.hr-1.png","width":120,"height":40,"caption":"Znanost sistemskog rada, vl. Ivana Ore\u0161ki"},"image":{"@id":"https:\/\/konstelacije.hr\/#\/schema\/logo\/image\/"},"sameAs":["https:\/\/www.facebook.com\/ivanaoreskikonstelator"]}]}},"jetpack_sharing_enabled":true,"jetpack_likes_enabled":true,"jetpack_shortlink":"https:\/\/wp.me\/Pfpn5q-raB","_links":{"self":[{"href":"https:\/\/konstelacije.hr\/en\/wp-json\/wp\/v2\/pages\/104445","targetHints":{"allow":["GET"]}}],"collection":[{"href":"https:\/\/konstelacije.hr\/en\/wp-json\/wp\/v2\/pages"}],"about":[{"href":"https:\/\/konstelacije.hr\/en\/wp-json\/wp\/v2\/types\/page"}],"author":[{"embeddable":true,"href":"https:\/\/konstelacije.hr\/en\/wp-json\/wp\/v2\/users\/244724598"}],"replies":[{"embeddable":true,"href":"https:\/\/konstelacije.hr\/en\/wp-json\/wp\/v2\/comments?post=104445"}],"version-history":[{"count":16,"href":"https:\/\/konstelacije.hr\/en\/wp-json\/wp\/v2\/pages\/104445\/revisions"}],"predecessor-version":[{"id":104508,"href":"https:\/\/konstelacije.hr\/en\/wp-json\/wp\/v2\/pages\/104445\/revisions\/104508"}],"wp:attachment":[{"href":"https:\/\/konstelacije.hr\/en\/wp-json\/wp\/v2\/media?parent=104445"}],"curies":[{"name":"wp","href":"https:\/\/api.w.org\/{rel}","templated":true}]}}